{"id":31971,"date":"2020-07-04T12:15:07","date_gmt":"2020-07-04T11:15:07","guid":{"rendered":"https:\/\/www.biotechpharmasummit.com\/?page_id=31971"},"modified":"2021-11-19T23:51:20","modified_gmt":"2021-11-19T23:51:20","slug":"gut-brain-axis-speakers","status":"publish","type":"page","link":"https:\/\/www.biotechpharmasummit.com\/index.php\/gut-brain-axis-speakers\/","title":{"rendered":"Gut-Brain Axis 2021 Speakers"},"content":{"rendered":"<div class=\"vgblk-rw-wrapper limit-wrapper\">\n<h2>\n\tOur <br \/>Speakers (A-Z)\n\t<\/h2>\n\t\t\t\t\t\t\t<a href=\"https:\/\/www.biotechpharmasummit.com\/index.php\/gut-brain-axis-speakers\/alessio-mylonas\/\" title=\"Alessio Mylonas\">\n\t\t\t\t\t\t\t<img decoding=\"async\" width=\"820\" height=\"1224\" src=\"https:\/\/www.biotechpharmasummit.com\/wp-content\/uploads\/2021\/11\/Galderma-Spirig-2017-A.Mylonas-Landscape-2106x1558_Gallery.png\" alt=\"\" loading=\"lazy\" srcset=\"data:image\/svg+xml;utf8,&lt;svg%20xmlns=&quot;http:\/\/www.w3.org\/2000\/svg&quot;%20viewBox=&quot;0%200%20820%201224&quot;%20height=&quot;1224px&quot;%20width=&quot;820px&quot;\/&gt;\" data-srcset=\"https:\/\/www.biotechpharmasummit.com\/wp-content\/uploads\/2021\/11\/Galderma-Spirig-2017-A.Mylonas-Landscape-2106x1558_Gallery.png 820w, https:\/\/www.biotechpharmasummit.com\/wp-content\/uploads\/2021\/11\/Galderma-Spirig-2017-A.Mylonas-Landscape-2106x1558_Gallery-201x300.png 201w, https:\/\/www.biotechpharmasummit.com\/wp-content\/uploads\/2021\/11\/Galderma-Spirig-2017-A.Mylonas-Landscape-2106x1558_Gallery-686x1024.png 686w, https:\/\/www.biotechpharmasummit.com\/wp-content\/uploads\/2021\/11\/Galderma-Spirig-2017-A.Mylonas-Landscape-2106x1558_Gallery-768x1146.png 768w, https:\/\/www.biotechpharmasummit.com\/wp-content\/uploads\/2021\/11\/Galderma-Spirig-2017-A.Mylonas-Landscape-2106x1558_Gallery-630x940.png 630w, https:\/\/www.biotechpharmasummit.com\/wp-content\/uploads\/2021\/11\/Galderma-Spirig-2017-A.Mylonas-Landscape-2106x1558_Gallery-420x627.png 420w, https:\/\/www.biotechpharmasummit.com\/wp-content\/uploads\/2021\/11\/Galderma-Spirig-2017-A.Mylonas-Landscape-2106x1558_Gallery-315x470.png 315w\" sizes=\"auto, (max-width: 820px) 100vw, 820px\" data-attachment-id=\"36997\" data-permalink=\"https:\/\/www.biotechpharmasummit.com\/index.php\/gut-brain-axis-speakers\/alessio-mylonas\/galderma-spirig-2017-a-mylonas-landscape-2106x1558_gallery\/\" data-orig-file=\"https:\/\/www.biotechpharmasummit.com\/wp-content\/uploads\/2021\/11\/Galderma-Spirig-2017-A.Mylonas-Landscape-2106x1558_Gallery.png\" data-orig-size=\"820,1224\" data-comments-opened=\"1\" data-image-meta=\"{&quot;aperture&quot;:&quot;0&quot;,&quot;credit&quot;:&quot;&quot;,&quot;camera&quot;:&quot;&quot;,&quot;caption&quot;:&quot;&quot;,&quot;created_timestamp&quot;:&quot;0&quot;,&quot;copyright&quot;:&quot;&quot;,&quot;focal_length&quot;:&quot;0&quot;,&quot;iso&quot;:&quot;0&quot;,&quot;shutter_speed&quot;:&quot;0&quot;,&quot;title&quot;:&quot;&quot;,&quot;orientation&quot;:&quot;0&quot;}\" data-image-title=\"Galderma-Spirig 2017, A.Mylonas, Landscape 2106x1558_Gallery\" data-image-description=\"\" data-image-caption=\"\" data-medium-file=\"https:\/\/www.biotechpharmasummit.com\/wp-content\/uploads\/2021\/11\/Galderma-Spirig-2017-A.Mylonas-Landscape-2106x1558_Gallery-201x300.png\" data-large-file=\"https:\/\/www.biotechpharmasummit.com\/wp-content\/uploads\/2021\/11\/Galderma-Spirig-2017-A.Mylonas-Landscape-2106x1558_Gallery-686x1024.png\" \/>\t\t\t\t\t\t\t<\/a>\n\t\t<h4>\n\t\t\t\t\t\t\t<a href=\"https:\/\/www.biotechpharmasummit.com\/index.php\/gut-brain-axis-speakers\/alessio-mylonas\/\" title=\"Alessio Mylonas\">\n\t\t\t\t\t\t\tAlessio Mylonas\t\t\t\t\t\t\t<\/a>\n\t\t\t\t\t<\/h4>\n\t\t\t\t\t<h5>Research Scientist at AC Immune<\/h5>\n<h3>\n\t\t\t<a href=\"https:\/\/www.biotechpharmasummit.com\/index.php\/gut-brain-axis-speakers\/alessio-mylonas\/\" title=\"Leveraging the microbiome in Alzheimer&#039;s disease progression and neuroinflammation\" target=\"_self\" rel=\"noopener\">\n\tLeveraging the microbiome in Alzheimer&#8217;s disease progression and neuroinflammation\n\t\t\t<\/a>\n\t<\/h3>\n\t<p>Dr. Alessio Mylonas is an immunologist and longtime microbiome aficionado. Formerly a researcher at the Swiss Federal Institute of Technology, and University Hospital of Lausanne, he is now a senior researcher at AC Immune SA, an innovating clinical-stage biopharmaceutical research company with expertise in precision medicine for neurodegenerative diseases. He is now pursuing new targets, based on his research, in a pharmaceutical context.<\/p>\n\t\t\t\t\t\t\t<img decoding=\"async\" src=\"https:\/\/www.biotechpharmasummit.com\/wp-content\/plugins\/beaver-builder-lite-version\/img\/pixel.png\" alt=\"\" itemprop=\"image\" onerror=\"this.style.display='none'\"  \/>\n\t\t\t\t\t\t\t<a href=\"https:\/\/www.biotechpharmasummit.com\/index.php\/gut-brain-axis-speakers\/jane-foster\/\" title=\"Jane A. Foster\">\n\t\t\t\t\t\t\t<img decoding=\"async\" width=\"820\" height=\"1224\" src=\"https:\/\/www.biotechpharmasummit.com\/wp-content\/uploads\/2020\/07\/Jane_Foster_McMaster_University_Canada_BioTech_Pharma_Summit_profile.png\" alt=\"\" loading=\"lazy\" srcset=\"data:image\/svg+xml;utf8,&lt;svg%20xmlns=&quot;http:\/\/www.w3.org\/2000\/svg&quot;%20viewBox=&quot;0%200%20820%201224&quot;%20height=&quot;1224px&quot;%20width=&quot;820px&quot;\/&gt;\" data-srcset=\"https:\/\/www.biotechpharmasummit.com\/wp-content\/uploads\/2020\/07\/Jane_Foster_McMaster_University_Canada_BioTech_Pharma_Summit_profile.png 820w, https:\/\/www.biotechpharmasummit.com\/wp-content\/uploads\/2020\/07\/Jane_Foster_McMaster_University_Canada_BioTech_Pharma_Summit_profile-201x300.png 201w, https:\/\/www.biotechpharmasummit.com\/wp-content\/uploads\/2020\/07\/Jane_Foster_McMaster_University_Canada_BioTech_Pharma_Summit_profile-686x1024.png 686w, https:\/\/www.biotechpharmasummit.com\/wp-content\/uploads\/2020\/07\/Jane_Foster_McMaster_University_Canada_BioTech_Pharma_Summit_profile-768x1146.png 768w, https:\/\/www.biotechpharmasummit.com\/wp-content\/uploads\/2020\/07\/Jane_Foster_McMaster_University_Canada_BioTech_Pharma_Summit_profile-630x940.png 630w, https:\/\/www.biotechpharmasummit.com\/wp-content\/uploads\/2020\/07\/Jane_Foster_McMaster_University_Canada_BioTech_Pharma_Summit_profile-420x627.png 420w, https:\/\/www.biotechpharmasummit.com\/wp-content\/uploads\/2020\/07\/Jane_Foster_McMaster_University_Canada_BioTech_Pharma_Summit_profile-315x470.png 315w\" sizes=\"auto, (max-width: 820px) 100vw, 820px\" data-attachment-id=\"32022\" data-permalink=\"https:\/\/www.biotechpharmasummit.com\/index.php\/gut-brain-axis-speakers\/jane-foster\/jane_foster_mcmaster_university_canada_biotech_pharma_summit_profile\/\" data-orig-file=\"https:\/\/www.biotechpharmasummit.com\/wp-content\/uploads\/2020\/07\/Jane_Foster_McMaster_University_Canada_BioTech_Pharma_Summit_profile.png\" data-orig-size=\"820,1224\" data-comments-opened=\"1\" data-image-meta=\"{&quot;aperture&quot;:&quot;0&quot;,&quot;credit&quot;:&quot;&quot;,&quot;camera&quot;:&quot;&quot;,&quot;caption&quot;:&quot;&quot;,&quot;created_timestamp&quot;:&quot;0&quot;,&quot;copyright&quot;:&quot;&quot;,&quot;focal_length&quot;:&quot;0&quot;,&quot;iso&quot;:&quot;0&quot;,&quot;shutter_speed&quot;:&quot;0&quot;,&quot;title&quot;:&quot;&quot;,&quot;orientation&quot;:&quot;0&quot;}\" data-image-title=\"Jane_Foster_McMaster_University_Canada_BioTech_Pharma_Summit_profile\" data-image-description=\"\" data-image-caption=\"\" data-medium-file=\"https:\/\/www.biotechpharmasummit.com\/wp-content\/uploads\/2020\/07\/Jane_Foster_McMaster_University_Canada_BioTech_Pharma_Summit_profile-201x300.png\" data-large-file=\"https:\/\/www.biotechpharmasummit.com\/wp-content\/uploads\/2020\/07\/Jane_Foster_McMaster_University_Canada_BioTech_Pharma_Summit_profile-686x1024.png\" \/>\t\t\t\t\t\t\t<\/a>\n\t\t<h4>\n\t\t\t\t\t\t\t<a href=\"https:\/\/www.biotechpharmasummit.com\/index.php\/gut-brain-axis-speakers\/jane-foster\/\" title=\"Jane A. Foster\">\n\t\t\t\t\t\t\tJane A. Foster\t\t\t\t\t\t\t<\/a>\n\t\t\t\t\t<\/h4>\n\t\t\t\t\t<h5>Associate Professor at McMaster University<\/h5>\n<h3>\n\t\t\t<a href=\"https:\/\/www.biotechpharmasummit.com\/index.php\/gut-brain-axis-speakers\/jane-foster\/\" title=\"Harnessing the Potential of Microbiota-related Therapies for Brain Health\" target=\"_self\" rel=\"noopener\">\n\tHarnessing the Potential of Microbiota-related Therapies for Brain Health\n\t\t\t<\/a>\n\t<\/h3>\n\t<p>Dr. Jane Foster is an Associate Professor in the Department of Psychiatry and Behavioural Neurosciences at McMaster University in Hamilton, ON and a Scientist at St. Michael&#8217;s Hospital in Toronto, ON. Dr. Foster is an active researcher in two large translational networks &#8211; the Province of Ontario Neurodevelopmental Disorders Network (POND) and the Canadian Biomarkers in Depression (CAN-BIND).<\/p>\n\t\t\t\t\t\t\t<a href=\"https:\/\/www.biotechpharmasummit.com\/index.php\/gut-brain-axis-speakers\/javier-ochoa-reparaz\/\" title=\"Javier Ochoa-Repa\u0301raz\">\n\t\t\t\t\t\t\t<img decoding=\"async\" width=\"820\" height=\"1224\" src=\"https:\/\/www.biotechpharmasummit.com\/wp-content\/uploads\/2020\/07\/Javier_Ochoa-Repa\u0301raz_Washington_University_BioTech_Pharma_Summit_Profilejpg.jpg\" alt=\"\" loading=\"lazy\" srcset=\"data:image\/svg+xml;utf8,&lt;svg%20xmlns=&quot;http:\/\/www.w3.org\/2000\/svg&quot;%20viewBox=&quot;0%200%20820%201224&quot;%20height=&quot;1224px&quot;%20width=&quot;820px&quot;\/&gt;\" data-srcset=\"https:\/\/www.biotechpharmasummit.com\/wp-content\/uploads\/2020\/07\/Javier_Ochoa-Repa\u0301raz_Washington_University_BioTech_Pharma_Summit_Profilejpg.jpg 820w, https:\/\/www.biotechpharmasummit.com\/wp-content\/uploads\/2020\/07\/Javier_Ochoa-Repa\u0301raz_Washington_University_BioTech_Pharma_Summit_Profilejpg-201x300.jpg 201w, https:\/\/www.biotechpharmasummit.com\/wp-content\/uploads\/2020\/07\/Javier_Ochoa-Repa\u0301raz_Washington_University_BioTech_Pharma_Summit_Profilejpg-686x1024.jpg 686w, https:\/\/www.biotechpharmasummit.com\/wp-content\/uploads\/2020\/07\/Javier_Ochoa-Repa\u0301raz_Washington_University_BioTech_Pharma_Summit_Profilejpg-768x1146.jpg 768w, https:\/\/www.biotechpharmasummit.com\/wp-content\/uploads\/2020\/07\/Javier_Ochoa-Repa\u0301raz_Washington_University_BioTech_Pharma_Summit_Profilejpg-630x940.jpg 630w, https:\/\/www.biotechpharmasummit.com\/wp-content\/uploads\/2020\/07\/Javier_Ochoa-Repa\u0301raz_Washington_University_BioTech_Pharma_Summit_Profilejpg-420x627.jpg 420w, https:\/\/www.biotechpharmasummit.com\/wp-content\/uploads\/2020\/07\/Javier_Ochoa-Repa\u0301raz_Washington_University_BioTech_Pharma_Summit_Profilejpg-315x470.jpg 315w\" sizes=\"auto, (max-width: 820px) 100vw, 820px\" data-attachment-id=\"31990\" data-permalink=\"https:\/\/www.biotechpharmasummit.com\/index.php\/gut-brain-axis-speakers\/javier-ochoa-reparaz\/javier_ochoa-reparaz_washington_university_biotech_pharma_summit_profilejpg\/\" data-orig-file=\"https:\/\/www.biotechpharmasummit.com\/wp-content\/uploads\/2020\/07\/Javier_Ochoa-Repa\u0301raz_Washington_University_BioTech_Pharma_Summit_Profilejpg.jpg\" data-orig-size=\"820,1224\" data-comments-opened=\"1\" data-image-meta=\"{&quot;aperture&quot;:&quot;13&quot;,&quot;credit&quot;:&quot;&quot;,&quot;camera&quot;:&quot;NIKON D3X&quot;,&quot;caption&quot;:&quot;&quot;,&quot;created_timestamp&quot;:&quot;1439290727&quot;,&quot;copyright&quot;:&quot;&quot;,&quot;focal_length&quot;:&quot;150&quot;,&quot;iso&quot;:&quot;400&quot;,&quot;shutter_speed&quot;:&quot;0.008&quot;,&quot;title&quot;:&quot;&quot;,&quot;orientation&quot;:&quot;1&quot;}\" data-image-title=\"Javier_Ochoa-Repa\u0301raz_Washington_University_BioTech_Pharma_Summit_Profilejpg\" data-image-description=\"\" data-image-caption=\"\" data-medium-file=\"https:\/\/www.biotechpharmasummit.com\/wp-content\/uploads\/2020\/07\/Javier_Ochoa-Repa\u0301raz_Washington_University_BioTech_Pharma_Summit_Profilejpg-201x300.jpg\" data-large-file=\"https:\/\/www.biotechpharmasummit.com\/wp-content\/uploads\/2020\/07\/Javier_Ochoa-Repa\u0301raz_Washington_University_BioTech_Pharma_Summit_Profilejpg-686x1024.jpg\" \/>\t\t\t\t\t\t\t<\/a>\n\t\t<h4>\n\t\t\t\t\t\t\t<a href=\"https:\/\/www.biotechpharmasummit.com\/index.php\/gut-brain-axis-speakers\/javier-ochoa-reparaz\/\" title=\"Javier Ochoa-Repa\u0301raz\">\n\t\t\t\t\t\t\tJavier Ochoa-Repa\u0301raz\t\t\t\t\t\t\t<\/a>\n\t\t\t\t\t<\/h4>\n\t\t\t\t\t<h5>Associate Professor at Eastern Washington University<\/h5>\n<h3>\n\t\t\t<a href=\"https:\/\/www.biotechpharmasummit.com\/index.php\/gut-brain-axis-speakers\/javier-ochoa-reparaz\/\" title=\"The gut microbiome as a therapeutic venue for inflammatory diseases of the central nervous system (CNS)\" target=\"_self\" rel=\"noopener\">\n\tThe gut microbiome as a therapeutic venue for inflammatory diseases of the central nervous system (CNS)\n\t\t\t<\/a>\n\t<\/h3>\n\t<p>Javier Ochoa-Repa\u0301raz research is focused on host-microbial gut interactions and the mechanisms of immunomodulation associated with protection against CNS inflammatory demyelination, with a particular focus on the impact of gut microbes regulating diseases.<\/p>\n\t\t\t\t\t\t\t<a href=\"https:\/\/www.biotechpharmasummit.com\/index.php\/gut-brain-axis-speakers\/marcus-bohme\/\" title=\"Marcus B\u00f6hme\">\n\t\t\t\t\t\t\t<img decoding=\"async\" width=\"820\" height=\"1224\" src=\"https:\/\/www.biotechpharmasummit.com\/wp-content\/uploads\/2020\/09\/Headshot_Marcus_Bohme_Nestle_BioTech_Pharma_Summit_1.jpg\" alt=\"\" loading=\"lazy\" srcset=\"data:image\/svg+xml;utf8,&lt;svg%20xmlns=&quot;http:\/\/www.w3.org\/2000\/svg&quot;%20viewBox=&quot;0%200%20820%201224&quot;%20height=&quot;1224px&quot;%20width=&quot;820px&quot;\/&gt;\" data-srcset=\"https:\/\/www.biotechpharmasummit.com\/wp-content\/uploads\/2020\/09\/Headshot_Marcus_Bohme_Nestle_BioTech_Pharma_Summit_1.jpg 820w, https:\/\/www.biotechpharmasummit.com\/wp-content\/uploads\/2020\/09\/Headshot_Marcus_Bohme_Nestle_BioTech_Pharma_Summit_1-201x300.jpg 201w, https:\/\/www.biotechpharmasummit.com\/wp-content\/uploads\/2020\/09\/Headshot_Marcus_Bohme_Nestle_BioTech_Pharma_Summit_1-686x1024.jpg 686w, https:\/\/www.biotechpharmasummit.com\/wp-content\/uploads\/2020\/09\/Headshot_Marcus_Bohme_Nestle_BioTech_Pharma_Summit_1-768x1146.jpg 768w, https:\/\/www.biotechpharmasummit.com\/wp-content\/uploads\/2020\/09\/Headshot_Marcus_Bohme_Nestle_BioTech_Pharma_Summit_1-630x940.jpg 630w, https:\/\/www.biotechpharmasummit.com\/wp-content\/uploads\/2020\/09\/Headshot_Marcus_Bohme_Nestle_BioTech_Pharma_Summit_1-420x627.jpg 420w, https:\/\/www.biotechpharmasummit.com\/wp-content\/uploads\/2020\/09\/Headshot_Marcus_Bohme_Nestle_BioTech_Pharma_Summit_1-315x470.jpg 315w\" sizes=\"auto, (max-width: 820px) 100vw, 820px\" data-attachment-id=\"34415\" data-permalink=\"https:\/\/www.biotechpharmasummit.com\/index.php\/gut-brain-axis-speakers\/marcus-bohme\/headshot_marcus_bohme_nestle_biotech_pharma_summit_1\/\" data-orig-file=\"https:\/\/www.biotechpharmasummit.com\/wp-content\/uploads\/2020\/09\/Headshot_Marcus_Bohme_Nestle_BioTech_Pharma_Summit_1.jpg\" data-orig-size=\"820,1224\" data-comments-opened=\"1\" data-image-meta=\"{&quot;aperture&quot;:&quot;0&quot;,&quot;credit&quot;:&quot;&quot;,&quot;camera&quot;:&quot;&quot;,&quot;caption&quot;:&quot;&quot;,&quot;created_timestamp&quot;:&quot;1557931210&quot;,&quot;copyright&quot;:&quot;&quot;,&quot;focal_length&quot;:&quot;0&quot;,&quot;iso&quot;:&quot;0&quot;,&quot;shutter_speed&quot;:&quot;0&quot;,&quot;title&quot;:&quot;&quot;,&quot;orientation&quot;:&quot;1&quot;}\" data-image-title=\"Headshot_Marcus_Bohme_Nestle_BioTech_Pharma_Summit_1\" data-image-description=\"\" data-image-caption=\"\" data-medium-file=\"https:\/\/www.biotechpharmasummit.com\/wp-content\/uploads\/2020\/09\/Headshot_Marcus_Bohme_Nestle_BioTech_Pharma_Summit_1-201x300.jpg\" data-large-file=\"https:\/\/www.biotechpharmasummit.com\/wp-content\/uploads\/2020\/09\/Headshot_Marcus_Bohme_Nestle_BioTech_Pharma_Summit_1-686x1024.jpg\" \/>\t\t\t\t\t\t\t<\/a>\n\t\t<h4>\n\t\t\t\t\t\t\t<a href=\"https:\/\/www.biotechpharmasummit.com\/index.php\/gut-brain-axis-speakers\/marcus-bohme\/\" title=\"Marcus B\u00f6hme\">\n\t\t\t\t\t\t\tMarcus B\u00f6hme\t\t\t\t\t\t\t<\/a>\n\t\t\t\t\t<\/h4>\n\t\t\t\t\t<h5>R&amp;D Specialist at Nestl\u00e9 Research<\/h5>\n<h3>\n\t\t\t<a href=\"https:\/\/www.biotechpharmasummit.com\/index.php\/gut-brain-axis-speakers\/marcus-bohme\/\" title=\"Diet &amp; the Gut-Brain Axis: from concept to product\" target=\"_self\" rel=\"noopener\">\n\tDiet &amp; the Gut-Brain Axis: from concept to product\n\t\t\t<\/a>\n\t<\/h3>\n\t<p>Dr. Marcus B\u00f6hme is as R&amp;D Specialist working at the Nestl\u00e9 Research Centre in Lausanne, Switzerland focusing on the Gut-Brain Axis. Prior to joining Nestl\u00e9, he completed his undergraduate training in Nutritional Science at the Friedrich-Schiller-University of Jena, Germany, where he also received his PhD in neuroscience. Subsequently, Dr. B\u00f6hme undertook a 4-year postdoctoral fellowship in the lab of Prof. John Cryan at the University College Cork, Ireland, where he studied the relationship between diet, stress and cognition with a focus on the gut microbiota as a key mediator.<\/p>\n\t\t\t\t\t\t\t<a href=\"https:\/\/www.biotechpharmasummit.com\/index.php\/gut-brain-axis-speakers\/martha-carlin\/\" title=\"Martha Carlin\">\n\t\t\t\t\t\t\t<img decoding=\"async\" width=\"820\" height=\"1224\" src=\"https:\/\/www.biotechpharmasummit.com\/wp-content\/uploads\/2020\/07\/Martha_Carlin_Biocollective_Gut_Week_Microbiome_Brain_Axis_Skin_BioTech_Pharma_Summit_Profile.jpg\" alt=\"\" loading=\"lazy\" srcset=\"data:image\/svg+xml;utf8,&lt;svg%20xmlns=&quot;http:\/\/www.w3.org\/2000\/svg&quot;%20viewBox=&quot;0%200%20820%201224&quot;%20height=&quot;1224px&quot;%20width=&quot;820px&quot;\/&gt;\" data-srcset=\"https:\/\/www.biotechpharmasummit.com\/wp-content\/uploads\/2020\/07\/Martha_Carlin_Biocollective_Gut_Week_Microbiome_Brain_Axis_Skin_BioTech_Pharma_Summit_Profile.jpg 820w, https:\/\/www.biotechpharmasummit.com\/wp-content\/uploads\/2020\/07\/Martha_Carlin_Biocollective_Gut_Week_Microbiome_Brain_Axis_Skin_BioTech_Pharma_Summit_Profile-201x300.jpg 201w, https:\/\/www.biotechpharmasummit.com\/wp-content\/uploads\/2020\/07\/Martha_Carlin_Biocollective_Gut_Week_Microbiome_Brain_Axis_Skin_BioTech_Pharma_Summit_Profile-686x1024.jpg 686w, https:\/\/www.biotechpharmasummit.com\/wp-content\/uploads\/2020\/07\/Martha_Carlin_Biocollective_Gut_Week_Microbiome_Brain_Axis_Skin_BioTech_Pharma_Summit_Profile-768x1146.jpg 768w, https:\/\/www.biotechpharmasummit.com\/wp-content\/uploads\/2020\/07\/Martha_Carlin_Biocollective_Gut_Week_Microbiome_Brain_Axis_Skin_BioTech_Pharma_Summit_Profile-630x940.jpg 630w, https:\/\/www.biotechpharmasummit.com\/wp-content\/uploads\/2020\/07\/Martha_Carlin_Biocollective_Gut_Week_Microbiome_Brain_Axis_Skin_BioTech_Pharma_Summit_Profile-420x627.jpg 420w, https:\/\/www.biotechpharmasummit.com\/wp-content\/uploads\/2020\/07\/Martha_Carlin_Biocollective_Gut_Week_Microbiome_Brain_Axis_Skin_BioTech_Pharma_Summit_Profile-315x470.jpg 315w\" sizes=\"auto, (max-width: 820px) 100vw, 820px\" data-attachment-id=\"32039\" data-permalink=\"https:\/\/www.biotechpharmasummit.com\/index.php\/gut-brain-axis-speakers\/martha-carlin\/martha_carlin_biocollective_gut_week_microbiome_brain_axis_skin_biotech_pharma_summit_profile\/\" data-orig-file=\"https:\/\/www.biotechpharmasummit.com\/wp-content\/uploads\/2020\/07\/Martha_Carlin_Biocollective_Gut_Week_Microbiome_Brain_Axis_Skin_BioTech_Pharma_Summit_Profile.jpg\" data-orig-size=\"820,1224\" data-comments-opened=\"1\" data-image-meta=\"{&quot;aperture&quot;:&quot;1.8&quot;,&quot;credit&quot;:&quot;&quot;,&quot;camera&quot;:&quot;NIKON D3&quot;,&quot;caption&quot;:&quot;&quot;,&quot;created_timestamp&quot;:&quot;1471977113&quot;,&quot;copyright&quot;:&quot;ABP&quot;,&quot;focal_length&quot;:&quot;50&quot;,&quot;iso&quot;:&quot;200&quot;,&quot;shutter_speed&quot;:&quot;0.005&quot;,&quot;title&quot;:&quot;&quot;,&quot;orientation&quot;:&quot;1&quot;}\" data-image-title=\"Martha_Carlin_Biocollective_Gut_Week_Microbiome_Brain_Axis_Skin_BioTech_Pharma_Summit_Profile\" data-image-description=\"\" data-image-caption=\"\" data-medium-file=\"https:\/\/www.biotechpharmasummit.com\/wp-content\/uploads\/2020\/07\/Martha_Carlin_Biocollective_Gut_Week_Microbiome_Brain_Axis_Skin_BioTech_Pharma_Summit_Profile-201x300.jpg\" data-large-file=\"https:\/\/www.biotechpharmasummit.com\/wp-content\/uploads\/2020\/07\/Martha_Carlin_Biocollective_Gut_Week_Microbiome_Brain_Axis_Skin_BioTech_Pharma_Summit_Profile-686x1024.jpg\" \/>\t\t\t\t\t\t\t<\/a>\n\t\t<h4>\n\t\t\t\t\t\t\t<a href=\"https:\/\/www.biotechpharmasummit.com\/index.php\/gut-brain-axis-speakers\/martha-carlin\/\" title=\"Martha Carlin\">\n\t\t\t\t\t\t\tMartha Carlin\t\t\t\t\t\t\t<\/a>\n\t\t\t\t\t<\/h4>\n\t\t\t\t\t<h5>Chief Executive Officer at The BioCollective<\/h5>\n<h3>\n\t\t\t<a href=\"https:\/\/www.biotechpharmasummit.com\/index.php\/gut-brain-axis-speakers\/martha-carlin\/\" title=\"Molecular Mimicry of microbial and dietary immune triggers as the key to disease complexity in Parkinson&#039;s\" target=\"_self\" rel=\"noopener\">\n\tMolecular Mimicry of microbial and dietary immune triggers as the key to disease complexity in Parkinson&#8217;s\n\t\t\t<\/a>\n\t<\/h3>\n\t<p>Martha Carlin is an award-winning systems thinker who is changing how we understand the link between the environment, our food and water systems, and illness. Martha&#8217;s vision of the BioCollective has built a platform to accelerate the development of solutions to solve these complex problems.. Martha has the unique ability to connect seemingly unrelated things to solve problems in new ways.<\/p>\n\t\t\t\t\t\t\t<a href=\"https:\/\/www.biotechpharmasummit.com\/index.php\/gut-brain-axis-speakers\/nadejda-lupolova\/\" title=\"Nadejda Lupolova\">\n\t\t\t\t\t\t\t<img decoding=\"async\" width=\"820\" height=\"1224\" src=\"https:\/\/www.biotechpharmasummit.com\/wp-content\/uploads\/2021\/11\/NLupolova_photo_BioTech_Pharma_Summit_2021_gallery.png\" alt=\"\" loading=\"lazy\" srcset=\"data:image\/svg+xml;utf8,&lt;svg%20xmlns=&quot;http:\/\/www.w3.org\/2000\/svg&quot;%20viewBox=&quot;0%200%20820%201224&quot;%20height=&quot;1224px&quot;%20width=&quot;820px&quot;\/&gt;\" data-srcset=\"https:\/\/www.biotechpharmasummit.com\/wp-content\/uploads\/2021\/11\/NLupolova_photo_BioTech_Pharma_Summit_2021_gallery.png 820w, https:\/\/www.biotechpharmasummit.com\/wp-content\/uploads\/2021\/11\/NLupolova_photo_BioTech_Pharma_Summit_2021_gallery-201x300.png 201w, https:\/\/www.biotechpharmasummit.com\/wp-content\/uploads\/2021\/11\/NLupolova_photo_BioTech_Pharma_Summit_2021_gallery-686x1024.png 686w, https:\/\/www.biotechpharmasummit.com\/wp-content\/uploads\/2021\/11\/NLupolova_photo_BioTech_Pharma_Summit_2021_gallery-768x1146.png 768w, https:\/\/www.biotechpharmasummit.com\/wp-content\/uploads\/2021\/11\/NLupolova_photo_BioTech_Pharma_Summit_2021_gallery-630x940.png 630w, https:\/\/www.biotechpharmasummit.com\/wp-content\/uploads\/2021\/11\/NLupolova_photo_BioTech_Pharma_Summit_2021_gallery-420x627.png 420w, https:\/\/www.biotechpharmasummit.com\/wp-content\/uploads\/2021\/11\/NLupolova_photo_BioTech_Pharma_Summit_2021_gallery-315x470.png 315w\" sizes=\"auto, (max-width: 820px) 100vw, 820px\" data-attachment-id=\"36957\" data-permalink=\"https:\/\/www.biotechpharmasummit.com\/index.php\/gut-brain-axis-speakers\/nadejda-lupolova\/nlupolova_photo_biotech_pharma_summit_2021_gallery\/\" data-orig-file=\"https:\/\/www.biotechpharmasummit.com\/wp-content\/uploads\/2021\/11\/NLupolova_photo_BioTech_Pharma_Summit_2021_gallery.png\" data-orig-size=\"820,1224\" data-comments-opened=\"1\" data-image-meta=\"{&quot;aperture&quot;:&quot;0&quot;,&quot;credit&quot;:&quot;&quot;,&quot;camera&quot;:&quot;&quot;,&quot;caption&quot;:&quot;&quot;,&quot;created_timestamp&quot;:&quot;0&quot;,&quot;copyright&quot;:&quot;&quot;,&quot;focal_length&quot;:&quot;0&quot;,&quot;iso&quot;:&quot;0&quot;,&quot;shutter_speed&quot;:&quot;0&quot;,&quot;title&quot;:&quot;&quot;,&quot;orientation&quot;:&quot;0&quot;}\" data-image-title=\"NLupolova_photo_BioTech_Pharma_Summit_2021_gallery\" data-image-description=\"\" data-image-caption=\"\" data-medium-file=\"https:\/\/www.biotechpharmasummit.com\/wp-content\/uploads\/2021\/11\/NLupolova_photo_BioTech_Pharma_Summit_2021_gallery-201x300.png\" data-large-file=\"https:\/\/www.biotechpharmasummit.com\/wp-content\/uploads\/2021\/11\/NLupolova_photo_BioTech_Pharma_Summit_2021_gallery-686x1024.png\" \/>\t\t\t\t\t\t\t<\/a>\n\t\t<h4>\n\t\t\t\t\t\t\t<a href=\"https:\/\/www.biotechpharmasummit.com\/index.php\/gut-brain-axis-speakers\/nadejda-lupolova\/\" title=\"Nadejda Lupolova\">\n\t\t\t\t\t\t\tNadejda Lupolova\t\t\t\t\t\t\t<\/a>\n\t\t\t\t\t<\/h4>\n\t\t\t\t\t<h5>Health Coach<\/h5>\n<h3>\n\t\t\t<a href=\"https:\/\/www.biotechpharmasummit.com\/index.php\/gut-brain-axis-speakers\/nadejda-lupolova\/\" title=\"Can a diet tackle stress?\" target=\"_self\" rel=\"noopener\">\n\tCan a diet tackle stress?\n\t\t\t<\/a>\n\t<\/h3>\n\t<p>Dr Nadejda Lupolova holds a MSc in Biotechnology from the University of York and a PhD in Infection and Immunity from the University of Edinburgh, UK. \u00a0 During her time in academia she used Bioinformatics and applied Machine Learning techniques to predict bacterial \u00a0and viral phenotypes from whole genome sequenced data. Examples of her work include Pathogenicity and severity of disease prediction caused by \u00a0S. enterica and E. coli; Microbiome dynamics \u00a0following antibiotic intervention; Development of a rapid phage discovery and prediction of phage-bacteria interaction for phage therapy applications.<\/p>\n\t\t\t\t\t\t\t<a href=\"https:\/\/www.biotechpharmasummit.com\/index.php\/gut-brain-axis-speakers\/nina-vinot\/\" title=\"Nina Vinot\">\n\t\t\t\t\t\t\t<img decoding=\"async\" width=\"820\" height=\"1224\" src=\"https:\/\/www.biotechpharmasummit.com\/wp-content\/uploads\/2021\/11\/Nina_Vinot_BioTech_Pharma_Summit_gallery.png\" alt=\"\" loading=\"lazy\" srcset=\"data:image\/svg+xml;utf8,&lt;svg%20xmlns=&quot;http:\/\/www.w3.org\/2000\/svg&quot;%20viewBox=&quot;0%200%20820%201224&quot;%20height=&quot;1224px&quot;%20width=&quot;820px&quot;\/&gt;\" data-srcset=\"https:\/\/www.biotechpharmasummit.com\/wp-content\/uploads\/2021\/11\/Nina_Vinot_BioTech_Pharma_Summit_gallery.png 820w, https:\/\/www.biotechpharmasummit.com\/wp-content\/uploads\/2021\/11\/Nina_Vinot_BioTech_Pharma_Summit_gallery-201x300.png 201w, https:\/\/www.biotechpharmasummit.com\/wp-content\/uploads\/2021\/11\/Nina_Vinot_BioTech_Pharma_Summit_gallery-686x1024.png 686w, https:\/\/www.biotechpharmasummit.com\/wp-content\/uploads\/2021\/11\/Nina_Vinot_BioTech_Pharma_Summit_gallery-768x1146.png 768w, https:\/\/www.biotechpharmasummit.com\/wp-content\/uploads\/2021\/11\/Nina_Vinot_BioTech_Pharma_Summit_gallery-630x940.png 630w, https:\/\/www.biotechpharmasummit.com\/wp-content\/uploads\/2021\/11\/Nina_Vinot_BioTech_Pharma_Summit_gallery-420x627.png 420w, https:\/\/www.biotechpharmasummit.com\/wp-content\/uploads\/2021\/11\/Nina_Vinot_BioTech_Pharma_Summit_gallery-315x470.png 315w\" sizes=\"auto, (max-width: 820px) 100vw, 820px\" data-attachment-id=\"37104\" data-permalink=\"https:\/\/www.biotechpharmasummit.com\/index.php\/gut-brain-axis-speakers\/nina-vinot\/nina_vinot_biotech_pharma_summit_gallery\/\" data-orig-file=\"https:\/\/www.biotechpharmasummit.com\/wp-content\/uploads\/2021\/11\/Nina_Vinot_BioTech_Pharma_Summit_gallery.png\" data-orig-size=\"820,1224\" data-comments-opened=\"1\" data-image-meta=\"{&quot;aperture&quot;:&quot;0&quot;,&quot;credit&quot;:&quot;&quot;,&quot;camera&quot;:&quot;&quot;,&quot;caption&quot;:&quot;&quot;,&quot;created_timestamp&quot;:&quot;0&quot;,&quot;copyright&quot;:&quot;&quot;,&quot;focal_length&quot;:&quot;0&quot;,&quot;iso&quot;:&quot;0&quot;,&quot;shutter_speed&quot;:&quot;0&quot;,&quot;title&quot;:&quot;&quot;,&quot;orientation&quot;:&quot;0&quot;}\" data-image-title=\"Nina_Vinot_BioTech_Pharma_Summit_gallery\" data-image-description=\"\" data-image-caption=\"\" data-medium-file=\"https:\/\/www.biotechpharmasummit.com\/wp-content\/uploads\/2021\/11\/Nina_Vinot_BioTech_Pharma_Summit_gallery-201x300.png\" data-large-file=\"https:\/\/www.biotechpharmasummit.com\/wp-content\/uploads\/2021\/11\/Nina_Vinot_BioTech_Pharma_Summit_gallery-686x1024.png\" \/>\t\t\t\t\t\t\t<\/a>\n\t\t<h4>\n\t\t\t\t\t\t\t<a href=\"https:\/\/www.biotechpharmasummit.com\/index.php\/gut-brain-axis-speakers\/nina-vinot\/\" title=\"Nina Vinot\">\n\t\t\t\t\t\t\tNina Vinot\t\t\t\t\t\t\t<\/a>\n\t\t\t\t\t<\/h4>\n\t\t\t\t\t<h5>International Sales Director at TargEDys<\/h5>\n<h3>\n\t\t\t<a href=\"https:\/\/www.biotechpharmasummit.com\/index.php\/gut-brain-axis-speakers\/nina-vinot\/\" title=\"Pioneering precision probiotics: from molecular mimetism to product commercialization\" target=\"_self\" rel=\"noopener\">\n\tPioneering precision probiotics: from molecular mimetism to product commercialization\n\t\t\t<\/a>\n\t<\/h3>\n\t<p>Before entering industry, Nina was involved in human nutrition research at Penn State University, USA, the French National Center for Scientific Research (CNRS) and the National Institute for Agronomic Research (now INRAe). She has an engineer degree from AgroParisTech, Paris Institute of Technology for Life, Food and Environmental Sciences.<\/p>\n\t\t\t\t\t\t\t<a href=\"https:\/\/www.biotechpharmasummit.com\/index.php\/gut-brain-axis-speakers\/satya-prakash\/\" title=\"Satya Prakash\">\n\t\t\t\t\t\t\t<img decoding=\"async\" width=\"820\" height=\"1224\" src=\"https:\/\/www.biotechpharmasummit.com\/wp-content\/uploads\/2020\/07\/Satya_Prakash_McGill_University_Gut_Week_Biotech_Pharma_Summit_Skin_Brain_Microbiome_profile.jpg\" alt=\"\" loading=\"lazy\" srcset=\"data:image\/svg+xml;utf8,&lt;svg%20xmlns=&quot;http:\/\/www.w3.org\/2000\/svg&quot;%20viewBox=&quot;0%200%20820%201224&quot;%20height=&quot;1224px&quot;%20width=&quot;820px&quot;\/&gt;\" data-srcset=\"https:\/\/www.biotechpharmasummit.com\/wp-content\/uploads\/2020\/07\/Satya_Prakash_McGill_University_Gut_Week_Biotech_Pharma_Summit_Skin_Brain_Microbiome_profile.jpg 820w, https:\/\/www.biotechpharmasummit.com\/wp-content\/uploads\/2020\/07\/Satya_Prakash_McGill_University_Gut_Week_Biotech_Pharma_Summit_Skin_Brain_Microbiome_profile-201x300.jpg 201w, https:\/\/www.biotechpharmasummit.com\/wp-content\/uploads\/2020\/07\/Satya_Prakash_McGill_University_Gut_Week_Biotech_Pharma_Summit_Skin_Brain_Microbiome_profile-686x1024.jpg 686w, https:\/\/www.biotechpharmasummit.com\/wp-content\/uploads\/2020\/07\/Satya_Prakash_McGill_University_Gut_Week_Biotech_Pharma_Summit_Skin_Brain_Microbiome_profile-768x1146.jpg 768w, https:\/\/www.biotechpharmasummit.com\/wp-content\/uploads\/2020\/07\/Satya_Prakash_McGill_University_Gut_Week_Biotech_Pharma_Summit_Skin_Brain_Microbiome_profile-630x940.jpg 630w, https:\/\/www.biotechpharmasummit.com\/wp-content\/uploads\/2020\/07\/Satya_Prakash_McGill_University_Gut_Week_Biotech_Pharma_Summit_Skin_Brain_Microbiome_profile-420x627.jpg 420w, https:\/\/www.biotechpharmasummit.com\/wp-content\/uploads\/2020\/07\/Satya_Prakash_McGill_University_Gut_Week_Biotech_Pharma_Summit_Skin_Brain_Microbiome_profile-315x470.jpg 315w\" sizes=\"auto, (max-width: 820px) 100vw, 820px\" data-attachment-id=\"31995\" data-permalink=\"https:\/\/www.biotechpharmasummit.com\/index.php\/gut-brain-axis-speakers\/satya-prakash\/satya_prakash_mcgill_university_gut_week_biotech_pharma_summit_skin_brain_microbiome_profile\/\" data-orig-file=\"https:\/\/www.biotechpharmasummit.com\/wp-content\/uploads\/2020\/07\/Satya_Prakash_McGill_University_Gut_Week_Biotech_Pharma_Summit_Skin_Brain_Microbiome_profile.jpg\" data-orig-size=\"820,1224\" data-comments-opened=\"1\" data-image-meta=\"{&quot;aperture&quot;:&quot;4&quot;,&quot;credit&quot;:&quot;&quot;,&quot;camera&quot;:&quot;Canon EOS REBEL T2i&quot;,&quot;caption&quot;:&quot;&quot;,&quot;created_timestamp&quot;:&quot;1362761055&quot;,&quot;copyright&quot;:&quot;&quot;,&quot;focal_length&quot;:&quot;17&quot;,&quot;iso&quot;:&quot;1250&quot;,&quot;shutter_speed&quot;:&quot;0.033333333333333&quot;,&quot;title&quot;:&quot;&quot;,&quot;orientation&quot;:&quot;1&quot;}\" data-image-title=\"Satya_Prakash_McGill_University_Gut_Week_Biotech_Pharma_Summit_Skin_Brain_Microbiome_profile\" data-image-description=\"\" data-image-caption=\"\" data-medium-file=\"https:\/\/www.biotechpharmasummit.com\/wp-content\/uploads\/2020\/07\/Satya_Prakash_McGill_University_Gut_Week_Biotech_Pharma_Summit_Skin_Brain_Microbiome_profile-201x300.jpg\" data-large-file=\"https:\/\/www.biotechpharmasummit.com\/wp-content\/uploads\/2020\/07\/Satya_Prakash_McGill_University_Gut_Week_Biotech_Pharma_Summit_Skin_Brain_Microbiome_profile-686x1024.jpg\" \/>\t\t\t\t\t\t\t<\/a>\n\t\t<h4>\n\t\t\t\t\t\t\t<a href=\"https:\/\/www.biotechpharmasummit.com\/index.php\/gut-brain-axis-speakers\/satya-prakash\/\" title=\"Satya Prakash\">\n\t\t\t\t\t\t\tSatya Prakash\t\t\t\t\t\t\t<\/a>\n\t\t\t\t\t<\/h4>\n\t\t\t\t\t<h5>Professor of Biomedical Engineering, Artificial Cells and Organs, Physiology, Experimental Medicine and Surgury in the Faculty of Medicine at McGill University<\/h5>\n<h3>\n\t\t\t<a href=\"https:\/\/www.biotechpharmasummit.com\/index.php\/gut-brain-axis-speakers\/satya-prakash\/\" title=\"Novel Microbiome Approach For Management of Alzheimer Diseases\" target=\"_self\" rel=\"noopener\">\n\tNovel Microbiome Approach For Management of Alzheimer Diseases\n\t\t\t<\/a>\n\t<\/h3>\n\t<p>Dr. Prakash research team has contributed to the advancement and development of several biomedical technologies. Superficially, his research program is focus on understanding the human microbiome, developing probiotic formulations for use in neurological disorders such as Alzheimer&#8217;s, Parkinson&#8217;s, aging, metabolic syndrome, obesity, cardiovascular diseases and in developing formulations for targeted delivery of drugs, live cells, and therapeutic molecules and medical devices such as novel stents.<\/p>\n\t\t\t\t\t\t\t<a href=\"https:\/\/www.biotechpharmasummit.com\/index.php\/gut-brain-axis-speakers\/serguei-fetissov\/\" title=\"Sergue\u00ef O. Fetissov\">\n\t\t\t\t\t\t\t<img decoding=\"async\" width=\"820\" height=\"1224\" src=\"https:\/\/www.biotechpharmasummit.com\/wp-content\/uploads\/2020\/07\/Serguei_Fetissov_Rouen_University_BioTech_Pharma_Summit.png\" alt=\"\" loading=\"lazy\" srcset=\"data:image\/svg+xml;utf8,&lt;svg%20xmlns=&quot;http:\/\/www.w3.org\/2000\/svg&quot;%20viewBox=&quot;0%200%20820%201224&quot;%20height=&quot;1224px&quot;%20width=&quot;820px&quot;\/&gt;\" data-srcset=\"https:\/\/www.biotechpharmasummit.com\/wp-content\/uploads\/2020\/07\/Serguei_Fetissov_Rouen_University_BioTech_Pharma_Summit.png 820w, https:\/\/www.biotechpharmasummit.com\/wp-content\/uploads\/2020\/07\/Serguei_Fetissov_Rouen_University_BioTech_Pharma_Summit-201x300.png 201w, https:\/\/www.biotechpharmasummit.com\/wp-content\/uploads\/2020\/07\/Serguei_Fetissov_Rouen_University_BioTech_Pharma_Summit-686x1024.png 686w, https:\/\/www.biotechpharmasummit.com\/wp-content\/uploads\/2020\/07\/Serguei_Fetissov_Rouen_University_BioTech_Pharma_Summit-768x1146.png 768w, https:\/\/www.biotechpharmasummit.com\/wp-content\/uploads\/2020\/07\/Serguei_Fetissov_Rouen_University_BioTech_Pharma_Summit-630x940.png 630w, https:\/\/www.biotechpharmasummit.com\/wp-content\/uploads\/2020\/07\/Serguei_Fetissov_Rouen_University_BioTech_Pharma_Summit-420x627.png 420w, https:\/\/www.biotechpharmasummit.com\/wp-content\/uploads\/2020\/07\/Serguei_Fetissov_Rouen_University_BioTech_Pharma_Summit-315x470.png 315w\" sizes=\"auto, (max-width: 820px) 100vw, 820px\" data-attachment-id=\"32049\" data-permalink=\"https:\/\/www.biotechpharmasummit.com\/index.php\/gut-brain-axis-speakers\/serguei-fetissov\/serguei_fetissov_rouen_university_biotech_pharma_summit\/\" data-orig-file=\"https:\/\/www.biotechpharmasummit.com\/wp-content\/uploads\/2020\/07\/Serguei_Fetissov_Rouen_University_BioTech_Pharma_Summit.png\" data-orig-size=\"820,1224\" data-comments-opened=\"1\" data-image-meta=\"{&quot;aperture&quot;:&quot;0&quot;,&quot;credit&quot;:&quot;&quot;,&quot;camera&quot;:&quot;&quot;,&quot;caption&quot;:&quot;&quot;,&quot;created_timestamp&quot;:&quot;0&quot;,&quot;copyright&quot;:&quot;&quot;,&quot;focal_length&quot;:&quot;0&quot;,&quot;iso&quot;:&quot;0&quot;,&quot;shutter_speed&quot;:&quot;0&quot;,&quot;title&quot;:&quot;&quot;,&quot;orientation&quot;:&quot;0&quot;}\" data-image-title=\"Serguei_Fetissov_Rouen_University_BioTech_Pharma_Summit\" data-image-description=\"\" data-image-caption=\"\" data-medium-file=\"https:\/\/www.biotechpharmasummit.com\/wp-content\/uploads\/2020\/07\/Serguei_Fetissov_Rouen_University_BioTech_Pharma_Summit-201x300.png\" data-large-file=\"https:\/\/www.biotechpharmasummit.com\/wp-content\/uploads\/2020\/07\/Serguei_Fetissov_Rouen_University_BioTech_Pharma_Summit-686x1024.png\" \/>\t\t\t\t\t\t\t<\/a>\n\t\t<h4>\n\t\t\t\t\t\t\t<a href=\"https:\/\/www.biotechpharmasummit.com\/index.php\/gut-brain-axis-speakers\/serguei-fetissov\/\" title=\"Sergue\u00ef O. Fetissov\">\n\t\t\t\t\t\t\tSergue\u00ef O. Fetissov\t\t\t\t\t\t\t<\/a>\n\t\t\t\t\t<\/h4>\n\t\t\t\t\t<h5>Professor of physiology at Rouen University and co-founder of TargEDys.<\/h5>\n<h3>\n\t\t\t<a href=\"https:\/\/www.biotechpharmasummit.com\/index.php\/gut-brain-axis-speakers\/serguei-fetissov\/\" title=\"Microbiome Mediated Appetite Regulation - First Experiences with EnteroSatys\" target=\"_self\" rel=\"noopener\">\n\tMicrobiome Mediated Appetite Regulation &#8211; First Experiences with EnteroSatys\n\t\t\t<\/a>\n\t<\/h3>\n\t<p>Serguei Fetissov MD, PhD, was graduated from Military Medical Academy in St Petersburg and received his PhD from Institute of Developmental Biology of Russian Academy of Science in Moscow combined with training in Pierre &amp; Marie Curie University in Paris. He worked as a researcher and principle investigator for more than 20 years in the field of physiology, neuroscience and nutrition in academic institutions including College de France in Paris, Upstate Medical University in Syracuse, USA and Karolinska Institutet in Stockholm, Sweden.<\/p>\n\t\t\t\t\t\t\t<a href=\"https:\/\/www.biotechpharmasummit.com\/index.php\/gut-brain-axis-speakers\/shahram-lavasani\/\" title=\"Shahram Lavasani\">\n\t\t\t\t\t\t\t<img decoding=\"async\" width=\"820\" height=\"1224\" src=\"https:\/\/www.biotechpharmasummit.com\/wp-content\/uploads\/2021\/08\/Shahram_Lavasani_BioTech_Pharma_Summit_2021_Profile_1.jpg\" alt=\"\" loading=\"lazy\" srcset=\"data:image\/svg+xml;utf8,&lt;svg%20xmlns=&quot;http:\/\/www.w3.org\/2000\/svg&quot;%20viewBox=&quot;0%200%20820%201224&quot;%20height=&quot;1224px&quot;%20width=&quot;820px&quot;\/&gt;\" data-srcset=\"https:\/\/www.biotechpharmasummit.com\/wp-content\/uploads\/2021\/08\/Shahram_Lavasani_BioTech_Pharma_Summit_2021_Profile_1.jpg 820w, https:\/\/www.biotechpharmasummit.com\/wp-content\/uploads\/2021\/08\/Shahram_Lavasani_BioTech_Pharma_Summit_2021_Profile_1-201x300.jpg 201w, https:\/\/www.biotechpharmasummit.com\/wp-content\/uploads\/2021\/08\/Shahram_Lavasani_BioTech_Pharma_Summit_2021_Profile_1-686x1024.jpg 686w, https:\/\/www.biotechpharmasummit.com\/wp-content\/uploads\/2021\/08\/Shahram_Lavasani_BioTech_Pharma_Summit_2021_Profile_1-768x1146.jpg 768w, https:\/\/www.biotechpharmasummit.com\/wp-content\/uploads\/2021\/08\/Shahram_Lavasani_BioTech_Pharma_Summit_2021_Profile_1-630x940.jpg 630w, https:\/\/www.biotechpharmasummit.com\/wp-content\/uploads\/2021\/08\/Shahram_Lavasani_BioTech_Pharma_Summit_2021_Profile_1-420x627.jpg 420w, https:\/\/www.biotechpharmasummit.com\/wp-content\/uploads\/2021\/08\/Shahram_Lavasani_BioTech_Pharma_Summit_2021_Profile_1-315x470.jpg 315w\" sizes=\"auto, (max-width: 820px) 100vw, 820px\" data-attachment-id=\"36563\" data-permalink=\"https:\/\/www.biotechpharmasummit.com\/index.php\/gut-brain-axis-speakers\/shahram_lavasani_biotech_pharma_summit_2021_profile_1\/\" data-orig-file=\"https:\/\/www.biotechpharmasummit.com\/wp-content\/uploads\/2021\/08\/Shahram_Lavasani_BioTech_Pharma_Summit_2021_Profile_1.jpg\" data-orig-size=\"820,1224\" data-comments-opened=\"1\" data-image-meta=\"{&quot;aperture&quot;:&quot;2.4&quot;,&quot;credit&quot;:&quot;&quot;,&quot;camera&quot;:&quot;SM-G975F&quot;,&quot;caption&quot;:&quot;&quot;,&quot;created_timestamp&quot;:&quot;1611658994&quot;,&quot;copyright&quot;:&quot;&quot;,&quot;focal_length&quot;:&quot;6&quot;,&quot;iso&quot;:&quot;100&quot;,&quot;shutter_speed&quot;:&quot;0.02&quot;,&quot;title&quot;:&quot;&quot;,&quot;orientation&quot;:&quot;1&quot;}\" data-image-title=\"Shahram_Lavasani_BioTech_Pharma_Summit_2021_Profile_1\" data-image-description=\"\" data-image-caption=\"\" data-medium-file=\"https:\/\/www.biotechpharmasummit.com\/wp-content\/uploads\/2021\/08\/Shahram_Lavasani_BioTech_Pharma_Summit_2021_Profile_1-201x300.jpg\" data-large-file=\"https:\/\/www.biotechpharmasummit.com\/wp-content\/uploads\/2021\/08\/Shahram_Lavasani_BioTech_Pharma_Summit_2021_Profile_1-686x1024.jpg\" \/>\t\t\t\t\t\t\t<\/a>\n\t\t<h4>\n\t\t\t\t\t\t\t<a href=\"https:\/\/www.biotechpharmasummit.com\/index.php\/gut-brain-axis-speakers\/shahram-lavasani\/\" title=\"Shahram Lavasani\">\n\t\t\t\t\t\t\tShahram Lavasani\t\t\t\t\t\t\t<\/a>\n\t\t\t\t\t<\/h4>\n\t\t\t\t\t<h5>Founder and CEO at ImmuneBiotech AB<\/h5>\n<h3>\n\t\t\t<a href=\"https:\/\/www.biotechpharmasummit.com\/index.php\/gut-brain-axis-speakers\/shahram-lavasani\/\" title=\"ImmuneBiotics for management of neurological conditions - new clinical evidence\" target=\"_self\" rel=\"noopener\">\n\tImmuneBiotics for management of neurological conditions &#8211; new clinical evidence\n\t\t\t<\/a>\n\t<\/h3>\n\t<p>Shahram Lavasani holds a Ph.D. degree from Lund University in Medical Inflammation Research where he studied the immunoregulation and novel immunotherapies in multiple sclerosis (MS). He is a skillful immunologist, with many years of teaching and research expertise on gastrointestinal complications in autoimmune and chronic inflammatory diseases.<\/p>\n\t\t\t\t\t\t\t<a href=\"https:\/\/www.biotechpharmasummit.com\/index.php\/gut-brain-axis-speakers\/wouter-de-jonge\/\" title=\"Wouter de Jonge\">\n\t\t\t\t\t\t\t<img decoding=\"async\" width=\"820\" height=\"1224\" src=\"https:\/\/www.biotechpharmasummit.com\/wp-content\/uploads\/2020\/07\/De_Jonge-Wouter_Gut_Week_BioTech_Pharma_Summit_AMC_Amsterdam_Microbiome_3_profile.png\" alt=\"\" loading=\"lazy\" srcset=\"data:image\/svg+xml;utf8,&lt;svg%20xmlns=&quot;http:\/\/www.w3.org\/2000\/svg&quot;%20viewBox=&quot;0%200%20820%201224&quot;%20height=&quot;1224px&quot;%20width=&quot;820px&quot;\/&gt;\" data-srcset=\"https:\/\/www.biotechpharmasummit.com\/wp-content\/uploads\/2020\/07\/De_Jonge-Wouter_Gut_Week_BioTech_Pharma_Summit_AMC_Amsterdam_Microbiome_3_profile.png 820w, https:\/\/www.biotechpharmasummit.com\/wp-content\/uploads\/2020\/07\/De_Jonge-Wouter_Gut_Week_BioTech_Pharma_Summit_AMC_Amsterdam_Microbiome_3_profile-201x300.png 201w, https:\/\/www.biotechpharmasummit.com\/wp-content\/uploads\/2020\/07\/De_Jonge-Wouter_Gut_Week_BioTech_Pharma_Summit_AMC_Amsterdam_Microbiome_3_profile-686x1024.png 686w, https:\/\/www.biotechpharmasummit.com\/wp-content\/uploads\/2020\/07\/De_Jonge-Wouter_Gut_Week_BioTech_Pharma_Summit_AMC_Amsterdam_Microbiome_3_profile-768x1146.png 768w, https:\/\/www.biotechpharmasummit.com\/wp-content\/uploads\/2020\/07\/De_Jonge-Wouter_Gut_Week_BioTech_Pharma_Summit_AMC_Amsterdam_Microbiome_3_profile-630x940.png 630w, https:\/\/www.biotechpharmasummit.com\/wp-content\/uploads\/2020\/07\/De_Jonge-Wouter_Gut_Week_BioTech_Pharma_Summit_AMC_Amsterdam_Microbiome_3_profile-420x627.png 420w, https:\/\/www.biotechpharmasummit.com\/wp-content\/uploads\/2020\/07\/De_Jonge-Wouter_Gut_Week_BioTech_Pharma_Summit_AMC_Amsterdam_Microbiome_3_profile-315x470.png 315w\" sizes=\"auto, (max-width: 820px) 100vw, 820px\" data-attachment-id=\"32012\" data-permalink=\"https:\/\/www.biotechpharmasummit.com\/index.php\/gut-brain-axis-speakers\/wouter-de-jonge\/de_jonge-wouter_gut_week_biotech_pharma_summit_amc_amsterdam_microbiome_3_profile\/\" data-orig-file=\"https:\/\/www.biotechpharmasummit.com\/wp-content\/uploads\/2020\/07\/De_Jonge-Wouter_Gut_Week_BioTech_Pharma_Summit_AMC_Amsterdam_Microbiome_3_profile.png\" data-orig-size=\"820,1224\" data-comments-opened=\"1\" data-image-meta=\"{&quot;aperture&quot;:&quot;0&quot;,&quot;credit&quot;:&quot;&quot;,&quot;camera&quot;:&quot;&quot;,&quot;caption&quot;:&quot;&quot;,&quot;created_timestamp&quot;:&quot;0&quot;,&quot;copyright&quot;:&quot;&quot;,&quot;focal_length&quot;:&quot;0&quot;,&quot;iso&quot;:&quot;0&quot;,&quot;shutter_speed&quot;:&quot;0&quot;,&quot;title&quot;:&quot;&quot;,&quot;orientation&quot;:&quot;0&quot;}\" data-image-title=\"De_Jonge-Wouter_Gut_Week_BioTech_Pharma_Summit_AMC_Amsterdam_Microbiome_3_profile\" data-image-description=\"\" data-image-caption=\"\" data-medium-file=\"https:\/\/www.biotechpharmasummit.com\/wp-content\/uploads\/2020\/07\/De_Jonge-Wouter_Gut_Week_BioTech_Pharma_Summit_AMC_Amsterdam_Microbiome_3_profile-201x300.png\" data-large-file=\"https:\/\/www.biotechpharmasummit.com\/wp-content\/uploads\/2020\/07\/De_Jonge-Wouter_Gut_Week_BioTech_Pharma_Summit_AMC_Amsterdam_Microbiome_3_profile-686x1024.png\" \/>\t\t\t\t\t\t\t<\/a>\n\t\t<h4>\n\t\t\t\t\t\t\t<a href=\"https:\/\/www.biotechpharmasummit.com\/index.php\/gut-brain-axis-speakers\/wouter-de-jonge\/\" title=\"Wouter de Jonge\">\n\t\t\t\t\t\t\tWouter de Jonge\t\t\t\t\t\t\t<\/a>\n\t\t\t\t\t<\/h4>\n\t\t\t\t\t<h5>Professor of Neurogastroenterology at AMC, CoFounder of Gut Research<\/h5>\n<h3>\n\t\t\t<a href=\"https:\/\/www.biotechpharmasummit.com\/index.php\/gut-brain-axis-speakers\/wouter-de-jonge\/\" title=\"The gut-brain and brain-gut axes in human disease\" target=\"_self\" rel=\"noopener\">\n\tThe gut-brain and brain-gut axes in human disease\n\t\t\t<\/a>\n\t<\/h3>\n\t<p>Professor Wouter de Jonge received his doctoral training at University of Utrecht, and Columbia University, and received his Phd in 2001 (Medicine, University of Amsterdam and Maastricht). He took up postdoctoral positions at the AMC in Amsterdam (prof Guy Boeckxstaens) and Oxford University (prof Siamon Gordon). He chairs the gastro-intestinal research group (www.gut-research.com) at the AMC since 2013 and holds a part time W2 professorship at the Dept of Surgery at the University of Bonn, Germany.<\/p>\n\t\t\t\t\t\t\t<a href=\"https:\/\/www.biotechpharmasummit.com\/index.php\/gut-brain-axis-speakers\/yoghatama-zanzer\/\" title=\"Dr. Yoghatama Cindya Zanzer\">\n\t\t\t\t\t\t\t<img decoding=\"async\" width=\"820\" height=\"1224\" src=\"https:\/\/www.biotechpharmasummit.com\/wp-content\/uploads\/2021\/11\/Zanzer_pic_Bene_BioTech_Pharma_Summit_2021_Profile_Gallery.jpg\" alt=\"\" loading=\"lazy\" srcset=\"data:image\/svg+xml;utf8,&lt;svg%20xmlns=&quot;http:\/\/www.w3.org\/2000\/svg&quot;%20viewBox=&quot;0%200%20820%201224&quot;%20height=&quot;1224px&quot;%20width=&quot;820px&quot;\/&gt;\" data-srcset=\"https:\/\/www.biotechpharmasummit.com\/wp-content\/uploads\/2021\/11\/Zanzer_pic_Bene_BioTech_Pharma_Summit_2021_Profile_Gallery.jpg 820w, https:\/\/www.biotechpharmasummit.com\/wp-content\/uploads\/2021\/11\/Zanzer_pic_Bene_BioTech_Pharma_Summit_2021_Profile_Gallery-201x300.jpg 201w, https:\/\/www.biotechpharmasummit.com\/wp-content\/uploads\/2021\/11\/Zanzer_pic_Bene_BioTech_Pharma_Summit_2021_Profile_Gallery-686x1024.jpg 686w, https:\/\/www.biotechpharmasummit.com\/wp-content\/uploads\/2021\/11\/Zanzer_pic_Bene_BioTech_Pharma_Summit_2021_Profile_Gallery-768x1146.jpg 768w, https:\/\/www.biotechpharmasummit.com\/wp-content\/uploads\/2021\/11\/Zanzer_pic_Bene_BioTech_Pharma_Summit_2021_Profile_Gallery-630x940.jpg 630w, https:\/\/www.biotechpharmasummit.com\/wp-content\/uploads\/2021\/11\/Zanzer_pic_Bene_BioTech_Pharma_Summit_2021_Profile_Gallery-420x627.jpg 420w, https:\/\/www.biotechpharmasummit.com\/wp-content\/uploads\/2021\/11\/Zanzer_pic_Bene_BioTech_Pharma_Summit_2021_Profile_Gallery-315x470.jpg 315w\" sizes=\"auto, (max-width: 820px) 100vw, 820px\" data-attachment-id=\"37054\" data-permalink=\"https:\/\/www.biotechpharmasummit.com\/index.php\/gut-brain-axis-speakers\/yoghatama-zanzer\/zanzer_pic_bene_biotech_pharma_summit_2021_profile_gallery\/\" data-orig-file=\"https:\/\/www.biotechpharmasummit.com\/wp-content\/uploads\/2021\/11\/Zanzer_pic_Bene_BioTech_Pharma_Summit_2021_Profile_Gallery.jpg\" data-orig-size=\"820,1224\" data-comments-opened=\"1\" data-image-meta=\"{&quot;aperture&quot;:&quot;2.2&quot;,&quot;credit&quot;:&quot;&quot;,&quot;camera&quot;:&quot;iPhone SE&quot;,&quot;caption&quot;:&quot;&quot;,&quot;created_timestamp&quot;:&quot;1540050347&quot;,&quot;copyright&quot;:&quot;&quot;,&quot;focal_length&quot;:&quot;4.15&quot;,&quot;iso&quot;:&quot;40&quot;,&quot;shutter_speed&quot;:&quot;0.01&quot;,&quot;title&quot;:&quot;&quot;,&quot;orientation&quot;:&quot;1&quot;}\" data-image-title=\"Zanzer_pic_Bene_BioTech_Pharma_Summit_2021_Profile_Gallery\" data-image-description=\"\" data-image-caption=\"\" data-medium-file=\"https:\/\/www.biotechpharmasummit.com\/wp-content\/uploads\/2021\/11\/Zanzer_pic_Bene_BioTech_Pharma_Summit_2021_Profile_Gallery-201x300.jpg\" data-large-file=\"https:\/\/www.biotechpharmasummit.com\/wp-content\/uploads\/2021\/11\/Zanzer_pic_Bene_BioTech_Pharma_Summit_2021_Profile_Gallery-686x1024.jpg\" \/>\t\t\t\t\t\t\t<\/a>\n\t\t<h4>\n\t\t\t\t\t\t\t<a href=\"https:\/\/www.biotechpharmasummit.com\/index.php\/gut-brain-axis-speakers\/yoghatama-zanzer\/\" title=\"Dr. Yoghatama Cindya Zanzer\">\n\t\t\t\t\t\t\tDr. Yoghatama Cindya Zanzer\t\t\t\t\t\t\t<\/a>\n\t\t\t\t\t<\/h4>\n\t\t\t\t\t<h5>Manager Nutrition Science at BENEO, Germany<\/h5>\n<h3>\n\t\t\t<a href=\"https:\/\/www.biotechpharmasummit.com\/index.php\/gut-brain-axis-speakers\/yoghatama-zanzer\/\" title=\"Mechanisms and current evidence of prebiotics in gut-brain-axis\" target=\"_self\" rel=\"noopener\">\n\tMechanisms and current evidence of prebiotics in gut-brain-axis\n\t\t\t<\/a>\n\t<\/h3>\n\t<p>Dr. Yoghatama Cindya Zanzer is Manager Nutrition Science in BENEO, Germany. He received Ph.D. in Applied Human Clinical and Molecular Nutrition from Lund University, Sweden. For the last 8+ years, he has been leading cross-functional strategic projects from the interface between industry and academia in the field of prebiotics, functional carbohydrate and bioactive compounds on gut\/digestive\/gastrointestinal health, gut-brain-axis, appetite regulation, weight management, glycemic regulation as well as nutrigenomics in human clinical interventions.<\/p>\n\n<\/div><!-- .vgblk-rw-wrapper -->","protected":false},"excerpt":{"rendered":"<p>Our Speakers (A-Z) Alessio Mylonas Research Scientist at AC Immune Leveraging the microbiome in Alzheimer&#8217;s disease progression and neuroinflammation Dr. Alessio Mylonas is an immunologist and longtime microbiome aficionado. Formerly a researcher at the Swiss Federal Institute of Technology, and University Hospital of Lausanne, he is now a senior researcher at AC Immune SA, an&#8230;<\/p>\n","protected":false},"author":1,"featured_media":30835,"parent":0,"menu_order":0,"comment_status":"closed","ping_status":"closed","template":"","meta":{"inline_featured_image":false,"footnotes":""},"class_list":["post-31971","page","type-page","status-publish","has-post-thumbnail","hentry"],"yoast_head":"<!-- This site is optimized with the Yoast SEO plugin v26.2 - https:\/\/yoast.com\/wordpress\/plugins\/seo\/ -->\n<title>Gut-Brain Axis 2021 Speakers &#8226; BioTech Pharma Summit<\/title>\n<meta name=\"robots\" content=\"index, follow, max-snippet:-1, max-image-preview:large, max-video-preview:-1\" \/>\n<link rel=\"canonical\" href=\"https:\/\/www.biotechpharmasummit.com\/index.php\/gut-brain-axis-speakers\/\" \/>\n<meta property=\"og:locale\" content=\"en_US\" \/>\n<meta property=\"og:type\" content=\"article\" \/>\n<meta property=\"og:title\" content=\"Gut-Brain Axis 2021 Speakers &#8226; BioTech Pharma Summit\" \/>\n<meta property=\"og:description\" content=\"Our Speakers (A-Z) Alessio Mylonas Research Scientist at AC Immune Leveraging the microbiome in Alzheimer&#8217;s disease progression and neuroinflammation Dr. Alessio Mylonas is an immunologist and longtime microbiome aficionado. Formerly a researcher at the Swiss Federal Institute of Technology, and University Hospital of Lausanne, he is now a senior researcher at AC Immune SA, an...\" \/>\n<meta property=\"og:url\" content=\"https:\/\/www.biotechpharmasummit.com\/index.php\/gut-brain-axis-speakers\/\" \/>\n<meta property=\"og:site_name\" content=\"BioTech Pharma Summit\" \/>\n<meta property=\"article:publisher\" content=\"https:\/\/www.facebook.com\/biotechpharmasummit\/\" \/>\n<meta property=\"article:modified_time\" content=\"2021-11-19T23:51:20+00:00\" \/>\n<meta property=\"og:image\" content=\"https:\/\/www.biotechpharmasummit.com\/wp-content\/uploads\/2020\/05\/Background_Banner_Logo_BioTech_Pharma_Summit.png\" \/>\n\t<meta property=\"og:image:width\" content=\"1300\" \/>\n\t<meta property=\"og:image:height\" content=\"600\" \/>\n\t<meta property=\"og:image:type\" content=\"image\/png\" \/>\n<meta name=\"twitter:card\" content=\"summary_large_image\" \/>\n<meta name=\"twitter:site\" content=\"@biotechsummit\" \/>\n<meta name=\"twitter:label1\" content=\"Est. reading time\" \/>\n\t<meta name=\"twitter:data1\" content=\"12 minutes\" \/>\n<script type=\"application\/ld+json\" class=\"yoast-schema-graph\">{\"@context\":\"https:\/\/schema.org\",\"@graph\":[{\"@type\":\"WebPage\",\"@id\":\"https:\/\/www.biotechpharmasummit.com\/index.php\/gut-brain-axis-speakers\/\",\"url\":\"https:\/\/www.biotechpharmasummit.com\/index.php\/gut-brain-axis-speakers\/\",\"name\":\"Gut-Brain Axis 2021 Speakers &#8226; BioTech Pharma Summit\",\"isPartOf\":{\"@id\":\"https:\/\/www.biotechpharmasummit.com\/#website\"},\"primaryImageOfPage\":{\"@id\":\"https:\/\/www.biotechpharmasummit.com\/index.php\/gut-brain-axis-speakers\/#primaryimage\"},\"image\":{\"@id\":\"https:\/\/www.biotechpharmasummit.com\/index.php\/gut-brain-axis-speakers\/#primaryimage\"},\"thumbnailUrl\":\"https:\/\/www.biotechpharmasummit.com\/wp-content\/uploads\/2020\/05\/Background_Banner_Logo_BioTech_Pharma_Summit.png\",\"datePublished\":\"2020-07-04T11:15:07+00:00\",\"dateModified\":\"2021-11-19T23:51:20+00:00\",\"breadcrumb\":{\"@id\":\"https:\/\/www.biotechpharmasummit.com\/index.php\/gut-brain-axis-speakers\/#breadcrumb\"},\"inLanguage\":\"en-US\",\"potentialAction\":[{\"@type\":\"ReadAction\",\"target\":[\"https:\/\/www.biotechpharmasummit.com\/index.php\/gut-brain-axis-speakers\/\"]}]},{\"@type\":\"ImageObject\",\"inLanguage\":\"en-US\",\"@id\":\"https:\/\/www.biotechpharmasummit.com\/index.php\/gut-brain-axis-speakers\/#primaryimage\",\"url\":\"https:\/\/www.biotechpharmasummit.com\/wp-content\/uploads\/2020\/05\/Background_Banner_Logo_BioTech_Pharma_Summit.png\",\"contentUrl\":\"https:\/\/www.biotechpharmasummit.com\/wp-content\/uploads\/2020\/05\/Background_Banner_Logo_BioTech_Pharma_Summit.png\",\"width\":1300,\"height\":600},{\"@type\":\"BreadcrumbList\",\"@id\":\"https:\/\/www.biotechpharmasummit.com\/index.php\/gut-brain-axis-speakers\/#breadcrumb\",\"itemListElement\":[{\"@type\":\"ListItem\",\"position\":1,\"name\":\"Home\",\"item\":\"https:\/\/www.biotechpharmasummit.com\/\"},{\"@type\":\"ListItem\",\"position\":2,\"name\":\"Gut-Brain Axis 2021 Speakers\"}]},{\"@type\":\"WebSite\",\"@id\":\"https:\/\/www.biotechpharmasummit.com\/#website\",\"url\":\"https:\/\/www.biotechpharmasummit.com\/\",\"name\":\"BioTech Pharma Summit\",\"description\":\"The Tomorrow&#039;s healthcare congress\",\"publisher\":{\"@id\":\"https:\/\/www.biotechpharmasummit.com\/#organization\"},\"potentialAction\":[{\"@type\":\"SearchAction\",\"target\":{\"@type\":\"EntryPoint\",\"urlTemplate\":\"https:\/\/www.biotechpharmasummit.com\/?s={search_term_string}\"},\"query-input\":{\"@type\":\"PropertyValueSpecification\",\"valueRequired\":true,\"valueName\":\"search_term_string\"}}],\"inLanguage\":\"en-US\"},{\"@type\":\"Organization\",\"@id\":\"https:\/\/www.biotechpharmasummit.com\/#organization\",\"name\":\"EPM Group\",\"url\":\"https:\/\/www.biotechpharmasummit.com\/\",\"logo\":{\"@type\":\"ImageObject\",\"inLanguage\":\"en-US\",\"@id\":\"https:\/\/www.biotechpharmasummit.com\/#\/schema\/logo\/image\/\",\"url\":\"https:\/\/www.biotechpharmasummit.com\/wp-content\/uploads\/2020\/05\/B_2_Logo_BioTech_Pharma_Summit_Porto.png\",\"contentUrl\":\"https:\/\/www.biotechpharmasummit.com\/wp-content\/uploads\/2020\/05\/B_2_Logo_BioTech_Pharma_Summit_Porto.png\",\"width\":2000,\"height\":2000,\"caption\":\"EPM Group\"},\"image\":{\"@id\":\"https:\/\/www.biotechpharmasummit.com\/#\/schema\/logo\/image\/\"},\"sameAs\":[\"https:\/\/www.facebook.com\/biotechpharmasummit\/\",\"https:\/\/x.com\/biotechsummit\",\"https:\/\/www.instagram.com\/biotechpharmasummit\/\",\"https:\/\/www.linkedin.com\/company\/biotech-pharma-summit\/\"]}]}<\/script>\n<!-- \/ Yoast SEO plugin. -->","yoast_head_json":{"title":"Gut-Brain Axis 2021 Speakers &#8226; BioTech Pharma Summit","robots":{"index":"index","follow":"follow","max-snippet":"max-snippet:-1","max-image-preview":"max-image-preview:large","max-video-preview":"max-video-preview:-1"},"canonical":"https:\/\/www.biotechpharmasummit.com\/index.php\/gut-brain-axis-speakers\/","og_locale":"en_US","og_type":"article","og_title":"Gut-Brain Axis 2021 Speakers &#8226; BioTech Pharma Summit","og_description":"Our Speakers (A-Z) Alessio Mylonas Research Scientist at AC Immune Leveraging the microbiome in Alzheimer&#8217;s disease progression and neuroinflammation Dr. Alessio Mylonas is an immunologist and longtime microbiome aficionado. Formerly a researcher at the Swiss Federal Institute of Technology, and University Hospital of Lausanne, he is now a senior researcher at AC Immune SA, an...","og_url":"https:\/\/www.biotechpharmasummit.com\/index.php\/gut-brain-axis-speakers\/","og_site_name":"BioTech Pharma Summit","article_publisher":"https:\/\/www.facebook.com\/biotechpharmasummit\/","article_modified_time":"2021-11-19T23:51:20+00:00","og_image":[{"width":1300,"height":600,"url":"https:\/\/www.biotechpharmasummit.com\/wp-content\/uploads\/2020\/05\/Background_Banner_Logo_BioTech_Pharma_Summit.png","type":"image\/png"}],"twitter_card":"summary_large_image","twitter_site":"@biotechsummit","twitter_misc":{"Est. reading time":"12 minutes"},"schema":{"@context":"https:\/\/schema.org","@graph":[{"@type":"WebPage","@id":"https:\/\/www.biotechpharmasummit.com\/index.php\/gut-brain-axis-speakers\/","url":"https:\/\/www.biotechpharmasummit.com\/index.php\/gut-brain-axis-speakers\/","name":"Gut-Brain Axis 2021 Speakers &#8226; BioTech Pharma Summit","isPartOf":{"@id":"https:\/\/www.biotechpharmasummit.com\/#website"},"primaryImageOfPage":{"@id":"https:\/\/www.biotechpharmasummit.com\/index.php\/gut-brain-axis-speakers\/#primaryimage"},"image":{"@id":"https:\/\/www.biotechpharmasummit.com\/index.php\/gut-brain-axis-speakers\/#primaryimage"},"thumbnailUrl":"https:\/\/www.biotechpharmasummit.com\/wp-content\/uploads\/2020\/05\/Background_Banner_Logo_BioTech_Pharma_Summit.png","datePublished":"2020-07-04T11:15:07+00:00","dateModified":"2021-11-19T23:51:20+00:00","breadcrumb":{"@id":"https:\/\/www.biotechpharmasummit.com\/index.php\/gut-brain-axis-speakers\/#breadcrumb"},"inLanguage":"en-US","potentialAction":[{"@type":"ReadAction","target":["https:\/\/www.biotechpharmasummit.com\/index.php\/gut-brain-axis-speakers\/"]}]},{"@type":"ImageObject","inLanguage":"en-US","@id":"https:\/\/www.biotechpharmasummit.com\/index.php\/gut-brain-axis-speakers\/#primaryimage","url":"https:\/\/www.biotechpharmasummit.com\/wp-content\/uploads\/2020\/05\/Background_Banner_Logo_BioTech_Pharma_Summit.png","contentUrl":"https:\/\/www.biotechpharmasummit.com\/wp-content\/uploads\/2020\/05\/Background_Banner_Logo_BioTech_Pharma_Summit.png","width":1300,"height":600},{"@type":"BreadcrumbList","@id":"https:\/\/www.biotechpharmasummit.com\/index.php\/gut-brain-axis-speakers\/#breadcrumb","itemListElement":[{"@type":"ListItem","position":1,"name":"Home","item":"https:\/\/www.biotechpharmasummit.com\/"},{"@type":"ListItem","position":2,"name":"Gut-Brain Axis 2021 Speakers"}]},{"@type":"WebSite","@id":"https:\/\/www.biotechpharmasummit.com\/#website","url":"https:\/\/www.biotechpharmasummit.com\/","name":"BioTech Pharma Summit","description":"The Tomorrow&#039;s healthcare congress","publisher":{"@id":"https:\/\/www.biotechpharmasummit.com\/#organization"},"potentialAction":[{"@type":"SearchAction","target":{"@type":"EntryPoint","urlTemplate":"https:\/\/www.biotechpharmasummit.com\/?s={search_term_string}"},"query-input":{"@type":"PropertyValueSpecification","valueRequired":true,"valueName":"search_term_string"}}],"inLanguage":"en-US"},{"@type":"Organization","@id":"https:\/\/www.biotechpharmasummit.com\/#organization","name":"EPM Group","url":"https:\/\/www.biotechpharmasummit.com\/","logo":{"@type":"ImageObject","inLanguage":"en-US","@id":"https:\/\/www.biotechpharmasummit.com\/#\/schema\/logo\/image\/","url":"https:\/\/www.biotechpharmasummit.com\/wp-content\/uploads\/2020\/05\/B_2_Logo_BioTech_Pharma_Summit_Porto.png","contentUrl":"https:\/\/www.biotechpharmasummit.com\/wp-content\/uploads\/2020\/05\/B_2_Logo_BioTech_Pharma_Summit_Porto.png","width":2000,"height":2000,"caption":"EPM Group"},"image":{"@id":"https:\/\/www.biotechpharmasummit.com\/#\/schema\/logo\/image\/"},"sameAs":["https:\/\/www.facebook.com\/biotechpharmasummit\/","https:\/\/x.com\/biotechsummit","https:\/\/www.instagram.com\/biotechpharmasummit\/","https:\/\/www.linkedin.com\/company\/biotech-pharma-summit\/"]}]}},"_links":{"self":[{"href":"https:\/\/www.biotechpharmasummit.com\/index.php\/wp-json\/wp\/v2\/pages\/31971","targetHints":{"allow":["GET"]}}],"collection":[{"href":"https:\/\/www.biotechpharmasummit.com\/index.php\/wp-json\/wp\/v2\/pages"}],"about":[{"href":"https:\/\/www.biotechpharmasummit.com\/index.php\/wp-json\/wp\/v2\/types\/page"}],"author":[{"embeddable":true,"href":"https:\/\/www.biotechpharmasummit.com\/index.php\/wp-json\/wp\/v2\/users\/1"}],"replies":[{"embeddable":true,"href":"https:\/\/www.biotechpharmasummit.com\/index.php\/wp-json\/wp\/v2\/comments?post=31971"}],"version-history":[{"count":23,"href":"https:\/\/www.biotechpharmasummit.com\/index.php\/wp-json\/wp\/v2\/pages\/31971\/revisions"}],"predecessor-version":[{"id":37106,"href":"https:\/\/www.biotechpharmasummit.com\/index.php\/wp-json\/wp\/v2\/pages\/31971\/revisions\/37106"}],"wp:featuredmedia":[{"embeddable":true,"href":"https:\/\/www.biotechpharmasummit.com\/index.php\/wp-json\/wp\/v2\/media\/30835"}],"wp:attachment":[{"href":"https:\/\/www.biotechpharmasummit.com\/index.php\/wp-json\/wp\/v2\/media?parent=31971"}],"curies":[{"name":"wp","href":"https:\/\/api.w.org\/{rel}","templated":true}]}}